{"id":32,"date":"2018-10-16T10:13:16","date_gmt":"2018-10-16T08:13:16","guid":{"rendered":"http:\/\/sarahturquety.fr\/?page_id=32"},"modified":"2025-03-31T22:19:21","modified_gmt":"2025-03-31T20:19:21","slug":"ateliers","status":"publish","type":"page","link":"https:\/\/sarahturquety.fr\/?page_id=32","title":{"rendered":"ateliers"},"content":{"rendered":"<p><span style=\"color: #000000;\">J\u2019anime depuis 2006 des ateliers-po\u00e8me. Il s&rsquo;agit d&rsquo;approcher ce que le langage fait au corps et le corps au langage. Il s&rsquo;agit de suspendre, d&rsquo;observer, de conscientiser. Il s&rsquo;agit du plaisir &#8211; et de la peur &#8211; de d\u00e9faire, de contourner, de prononcer. Il s&rsquo;agit des normes, des r\u00e8gles et de l&rsquo;appropriation.<br \/>\nJ\u2019appr\u00e9hende les projets dans leur dimension territoriale, sociale, en cherchant avec les \u00e9quipes comment int\u00e9grer la relation institutions \/ famille \/ quartier ainsi que la pluralit\u00e9 des langues et des cultures. J\u2019ai suivi une formation litt\u00e9raire, Deug de lettres modernes, Ma\u00eetrise professionnelle des m\u00e9tiers du livre, DU d\u2019animateur d\u2019ateliers d\u2019\u00e9criture, tout en me formant aux arts du corps : je suis professeure de <a style=\"color: #000000;\" href=\"http:\/\/sarahturquety.fr\/technique-alexander\/\">Technique Alexander<\/a>, je pratique le qi gong depuis 10 ans et je danse.<\/span><br \/>\n<span style=\"color: #000000;\">Ci-dessous, les derni\u00e8res exp\u00e9riences et pour en savoir plus&#8230; <a style=\"color: #000000;\" href=\"http:\/\/sarahturquety.fr\/contact\/\">me contacter.<\/a><\/span><\/p>\n<p><span style=\"color: #000000;\"><strong>Mars 2025 \/<\/strong> Semaine immersion po\u00e9sie aupr\u00e8s d&rsquo;\u00e9ducateurices sp\u00e9cialis\u00e9.e.s et moniteurices-\u00e9ducateurices en formation, Erasme<\/span><\/p>\n<p><span style=\"color: #000000;\"><strong>Nov. 2024<\/strong> \/ Stage Avec cet autre, \u00e9criture et Technique Alexander<\/span><\/p>\n<p><span style=\"color: #000000;\"><strong>Janvier-mars 2024 \/<\/strong> En r\u00e9ponse \u00e0 l&rsquo;invitation du <a style=\"color: #000000;\" href=\"https:\/\/www.tarnetgaronne-artsetculture.fr\/\">Tarn-et-Garonne Arts et Culture<\/a>, je donnerai une s\u00e9rie d&rsquo;atelier \u00e0 Moissac avec les femmes accueillies par Espace et Vie donnant lieu \u00e0 un jeu po\u00e9tique, qui sera pr\u00e9sent\u00e9 le 8 mars au Nouvel Amphi, \u00e0 Moissac<br \/>\n<\/span><\/p>\n<p><span style=\"color: #000000;\"><strong>20-21 janvier 2023 \/<\/strong> Deux jours de stage de cr\u00e9ation autour de la m\u00e9nopause pour 12 femmes \u00e0 la Maison des artistes de Gaillac, stage que je donne avec Coralie Neuville, danseuse, et Aurore Lerat, com\u00e9dienne<\/span><br \/>\n<span style=\"color: #000000;\">Restitution le 21 janvier \u00e0 la m\u00e9diath\u00e8que de Gaillac<\/span><\/p>\n<p><span style=\"color: #000000;\"><strong>Sept. 2023 \/<\/strong> Semaine immersion po\u00e9sie, 2\u00e8me ann\u00e9e moniteur-\u00e9ducateur \u00e9ducateur, Centre universitaire de Montauban<br \/>\n<\/span><\/p>\n<p><span style=\"color: #000000;\"><strong>Mars 2023 \/<\/strong> Semaine immersion po\u00e9sie, 1\u00e8re ann\u00e9e \u00e9ducateur sp\u00e9cialis\u00e9, Centre universitaire de Montauban<\/span><\/p>\n<p><span style=\"color: #000000;\"><strong>Mars 2022 \/<\/strong> Chuchote-moi ta po\u00e9sie, Gaillac<\/span><br \/>\n<span style=\"color: #000000;\"><em>Invit\u00e9e d&rsquo;honneur du festival, j&rsquo;ai donn\u00e9 une s\u00e9rie d&rsquo;ateliers dans diff\u00e9rents \u00e9tablissements de Gaillac, avec temps d&rsquo;\u00e9criture dans la rue. De la tendresse, de la peinture partout.<\/em><\/span><\/p>\n<p><span style=\"color: #000000;\"><strong>Mars 2020-juin 2020 \/<\/strong> Pain soleil<\/span><br \/>\n<span style=\"color: #000000;\"><em>Parce que les femmes Y\u00e9zidi honorent Mithra, dieu-soleil, dieu-paon, que leurs galettes sont rondes, que depuis 7000 ans, elles se transmettent des rituels, des pri\u00e8res, une cosmogonie tant particuli\u00e8re ; j\u2019ai apport\u00e9 cette assiette lors du premier atelier. Elle appartenait \u00e0 ma grand-m\u00e8re, une paysanne de Bruz, petite ville proche de Rennes. Elle lui \u00e9tait pr\u00e9cieuse. Elle me l\u2019a l\u00e9gu\u00e9e, \u00e0 moi, une de ses nombreuses petites filles, ma seule trace de cette femme, dont la vie quotidienne devait \u00eatre bien proche de celle de ces femmes. Le paon, sa rondeur, les couleurs vives\u2026 Le don et le message transmis : veiller le lumineux, pr\u00e9server le fragile, jour apr\u00e8s jour, au c\u0153ur du quotidien.<\/em><\/span><br \/>\n<span style=\"color: #000000;\"><em>Nous nous sommes install\u00e9es autour d\u2019une nappe en kraft, d\u2019une s\u00e9rie d\u2019assiettes dessin\u00e9es, pour \u00e9changer sur nos essentiels, \u00e9crire, dessiner, se touche et \u00eatre touch\u00e9es, les unes par les autres.<\/em><\/span><\/p>\n<p><span style=\"color: #000000;\"><strong>18-19-20 octobre 2019<\/strong><em> \/ <\/em><a style=\"color: #000000;\" href=\"http:\/\/www.la-cuisine.fr\/festival-les-pierres-sauvages-2-architecture-et-matiere-vivante#.XXe5mSXgqDU\" target=\"_blank\" rel=\"noopener\">Festival les pierres sauvages #2<\/a><em><br \/>\nRestitution d&rsquo;ateliers autour de l&rsquo;architecture vivante men\u00e9s au Coll\u00e8ge Fragonard, N\u00e8grepelisse<\/em><\/span><\/p>\n<p><span style=\"color: #000000;\"><strong>Janvier 2019 &#8211; mai 2019<\/strong> \/<a style=\"color: #000000;\" href=\"https:\/\/www.lesateliersdumonde.com\/projets-ecole\" target=\"_blank\" rel=\"noopener\">E<\/a><a style=\"color: #000000;\" href=\"https:\/\/www.lesateliersdumonde.com\/projets-ecole\" target=\"_blank\" rel=\"noopener\">t pourquoi pas ?<\/a><\/span><\/p>\n<p><span style=\"color: #000000;\">Avec Et pourquoi pas ?, j&rsquo;interroge, joue avec, fais et d\u00e9fais les r\u00e8gles du genre avec les enfants de l&rsquo;\u00e9cole primaire du quartier Crins, \u00e0 Graulhet.<\/span><\/p>\n<p><span style=\"color: #000000;\"><strong>Nov. 2017 &#8211; mai 2018<\/strong> \/ <a style=\"color: #000000;\" href=\"http:\/\/sarahturquety.fr\/script-album-3\/\"><em>Script Album<\/em><\/a><\/span><br \/>\n<span style=\"color: #000000;\"><em>Script album est un projet artistique de recherche que j&rsquo;ai con\u00e7u. Il s\u2019attache \u00e0 revisiter la langue fran\u00e7aise de mani\u00e8re scientifique, po\u00e9tique, sensible, au regard des nouvelles connaissances li\u00e9es au d\u00e9veloppement postural de l\u2019\u00eatre humain. Projet participatif transm\u00e9dia, il se d\u00e9veloppe tout \u00e0 la fois \u00e0 partir d\u2019une s\u00e9rie de performances, de rencontres et d\u2019ateliers, d\u2019un site internet.<\/em><\/span><br \/>\n<span style=\"color: #000000;\"><em>Ce projet a \u00e9t\u00e9 retenu par les Ateliers M\u00e9dicis pour une r\u00e9sidence Cr\u00e9ation en Cours qui s&rsquo;est d\u00e9roul\u00e9 dans une classe de CM1 \u00e0 l&rsquo;\u00e9cole Le Pradelet, Tarascon sur Ari\u00e8ge. 20 journ\u00e9es intenses : \u00e9critures, explorations collectives et individuelles, prises de son, performances men\u00e9es par les enfants. Pour en savoir plus : <a style=\"color: #000000;\" href=\"https:\/\/creationencours.fr\/projet\/script_album\/\">https:\/\/creationencours.fr\/projet\/script_album\/<\/a><\/em><\/span><\/p>\n<p><span style=\"color: #000000;\"><strong>Nov. 2008 &#8211; mai 2018<\/strong> \/ C&rsquo;est toujours quand tu es l\u00e0 qu&rsquo;il se passe quelque chose \/ <a style=\"color: #000000;\" href=\"https:\/\/alefproductions.com\/\">Alef productions<\/a><\/span><\/p>\n<p><span style=\"color: #000000;\"><em>Performances et ateliers dans des classes de primo-arrivants, Toulouse. Apprentissage et \u00e9criture de po\u00e8mes, en fran\u00e7ais et langues \u00e9trang\u00e8res, plong\u00e9e dans le langage, interrogation sur les liens visibles et <\/em><em>invisibles&#8230; Un projet men\u00e9 pour la dixi\u00e8me ann\u00e9e par Alef Productions avec cette ann\u00e9e des interventions dans l\u2019\u00e9cole primaire Jules Ferry, le coll\u00e8ge Claude Nougaro, le coll\u00e8ge Toulouse-Lautrec, Toulouse et le coll\u00e8ge Les Violettes, Aucamville.<\/em><\/span><\/p>\n","protected":false},"excerpt":{"rendered":"<p>J\u2019anime depuis 2006 des ateliers-po\u00e8me. Il s&rsquo;agit d&rsquo;approcher ce que le langage fait au corps et le corps au langage. Il s&rsquo;agit de suspendre, d&rsquo;observer, de conscientiser. Il s&rsquo;agit du plaisir &#8211; et de la&hellip;<\/p>\n","protected":false},"author":1,"featured_media":578,"parent":0,"menu_order":0,"comment_status":"closed","ping_status":"closed","template":"","meta":{"footnotes":""},"class_list":["post-32","page","type-page","status-publish","has-post-thumbnail","hentry","comments-off"],"_links":{"self":[{"href":"https:\/\/sarahturquety.fr\/index.php?rest_route=\/wp\/v2\/pages\/32","targetHints":{"allow":["GET"]}}],"collection":[{"href":"https:\/\/sarahturquety.fr\/index.php?rest_route=\/wp\/v2\/pages"}],"about":[{"href":"https:\/\/sarahturquety.fr\/index.php?rest_route=\/wp\/v2\/types\/page"}],"author":[{"embeddable":true,"href":"https:\/\/sarahturquety.fr\/index.php?rest_route=\/wp\/v2\/users\/1"}],"replies":[{"embeddable":true,"href":"https:\/\/sarahturquety.fr\/index.php?rest_route=%2Fwp%2Fv2%2Fcomments&post=32"}],"version-history":[{"count":38,"href":"https:\/\/sarahturquety.fr\/index.php?rest_route=\/wp\/v2\/pages\/32\/revisions"}],"predecessor-version":[{"id":1301,"href":"https:\/\/sarahturquety.fr\/index.php?rest_route=\/wp\/v2\/pages\/32\/revisions\/1301"}],"wp:featuredmedia":[{"embeddable":true,"href":"https:\/\/sarahturquety.fr\/index.php?rest_route=\/wp\/v2\/media\/578"}],"wp:attachment":[{"href":"https:\/\/sarahturquety.fr\/index.php?rest_route=%2Fwp%2Fv2%2Fmedia&parent=32"}],"curies":[{"name":"wp","href":"https:\/\/api.w.org\/{rel}","templated":true}]}}