{"id":520,"date":"2021-02-11T13:47:25","date_gmt":"2021-02-11T12:47:25","guid":{"rendered":"http:\/\/sarahturquety.fr\/?page_id=520"},"modified":"2025-03-31T16:03:56","modified_gmt":"2025-03-31T14:03:56","slug":"presse","status":"publish","type":"page","link":"https:\/\/sarahturquety.fr\/?page_id=520","title":{"rendered":"\u00e0 propos"},"content":{"rendered":"<p><span style=\"color: #000000;\">Performeuse, po\u00e8te, professeure de Technique Alexander, je cr\u00e9e des situations d\u2019\u00e9coute, d\u2019observation pour chercher un point de bascule. Je m\u2019attache aux langues singuli\u00e8res, \u00e0 leurs additions formant un commun. Je cherche \u00e0 nommer les indicibles. Je travaille \u00e0 suspendre les automatismes du langage afin que se d\u00e9fasse un attendu, pour l\u2019apparition d\u2019une langue nouvelle. Suspendre pour d\u00e9faire les automatismes, voil\u00e0 un point commun entre ma pratique d&rsquo;\u00e9criture et la Technique Alexander, que j&rsquo;utilise pour questionner le langage, la grammaire, les structures de pens\u00e9e, d\u2019actions, les mouvements du corps, des corps.<br \/>\nLes formes dans lesquelles je me d\u00e9ploie sont l\u2019\u00e9criture, la performance, l\u2019\u00e9dition. Mes derni\u00e8res cr\u00e9ations :<br \/>\n<\/span><span style=\"color: #000000;\"><em>Touchers sauvages<\/em> ou pression\/compression\/traction en zone rurale, que j&rsquo;ai commenc\u00e9 \u00e0 \u00e9laborer en r\u00e9sidence au centre d&rsquo;art et de design La Cuisine, 2021-2022. Une recherche pr\u00e9sent\u00e9e \u00e0 La Cuisine, \u00e0 St Antonin Noble Val, Verfeil (82) en 2023, \u00e0 Gdansk, Pologne, 2023, au festival Les \u00e9ph\u00e9m\u00e8res en 2024.<br \/>\n<\/span><span style=\"color: #000000;\">En 2020, je cr\u00e9e <em>Si se resserre, <\/em>une performance questionnant l\u2019accueil, les limites, l\u2019inclusion pr\u00e9sent\u00e9e\u00a0dans une cinquantaine d&rsquo;espace, notamment au festival Chuchote-moi ta po\u00e9sie de Gaillac, dont je suis l\u2019invit\u00e9e d\u2019honneur en 2022.<br \/>\n<\/span><span style=\"color: #000000;\"><em>Script-album<\/em>, projet artistique collaboratif de recherche, ou nommer et partager comment la langue se transforme quand on pratique les \u00abarts du corps\u00bb est retenu par Les Ateliers M\u00e9dicis pour une r\u00e9sidence de territoire de six mois \u00e0 Tarascon sur Ari\u00e8ge, coupl\u00e9e \u00e0 une r\u00e9sidence de cr\u00e9ation au Centre d\u2019Art La Cuisine (N\u00e8grepelisse, 82)<em>.<\/em><\/span><br \/>\n<span style=\"color: #000000;\">Avec <em>Pourtours<\/em>, je me propose de d\u00e9faire des situations d\u2019aveuglement collectives et personnelles par le t\u00e9lescopage des relations. Pourtours.fr re\u00e7oit une bourse d\u2019\u00e9criture du CRL Midi-Pyr\u00e9n\u00e9es en 2016. <\/span><br \/>\n<span style=\"color: #000000;\">En parall\u00e8le, je m&rsquo;investis depuis 2012 au sein de mon territoire en cr\u00e9ant Sonnets 3 fois avec Coralie Neuville, danseuse performances, actions, politiques sensibles -, collabore r\u00e9guli\u00e8rement avec Core, une compagnie de danse d\u2019Atlanta. <\/span><br \/>\n<span style=\"color: #000000;\">Je suis artiste associ\u00e9e du centre d\u2019art Rozca \u00e0 Cracovie.<\/span><br \/>\n<span style=\"color: #000000;\">J&rsquo;ai suivi une formation litt\u00e9raire et technique, Deug de lettres modernes, Ing\u00e9nieur ma\u00eetre des m\u00e9tiers du livre, DU d\u2019animateur d\u2019ateliers d\u2019\u00e9criture, tout en me formant aux arts de la sc\u00e8ne (chant, th\u00e9\u00e2tre, danse), au chi gong et \u00e0 la Technique Alexander (2014-2022).<\/span><br \/>\n<span style=\"color: #000000;\">Pour lire, d\u00e9couvrir : <a style=\"color: #000000;\" href=\"http:\/\/pourtours.fr\/\">pourtours.fr<\/a> ; <a style=\"color: #000000;\" href=\"http:\/\/www.script-album.fr\/\">script-album.fr<\/a><\/span><\/p>\n","protected":false},"excerpt":{"rendered":"<p>Performeuse, po\u00e8te, professeure de Technique Alexander, je cr\u00e9e des situations d\u2019\u00e9coute, d\u2019observation pour chercher un point de bascule. Je m\u2019attache aux langues singuli\u00e8res, \u00e0 leurs additions formant un commun. Je cherche \u00e0 nommer les indicibles.&hellip;<\/p>\n","protected":false},"author":1,"featured_media":0,"parent":0,"menu_order":0,"comment_status":"closed","ping_status":"closed","template":"","meta":{"footnotes":""},"class_list":["post-520","page","type-page","status-publish","hentry","comments-off","has-no-featured-image"],"_links":{"self":[{"href":"https:\/\/sarahturquety.fr\/index.php?rest_route=\/wp\/v2\/pages\/520","targetHints":{"allow":["GET"]}}],"collection":[{"href":"https:\/\/sarahturquety.fr\/index.php?rest_route=\/wp\/v2\/pages"}],"about":[{"href":"https:\/\/sarahturquety.fr\/index.php?rest_route=\/wp\/v2\/types\/page"}],"author":[{"embeddable":true,"href":"https:\/\/sarahturquety.fr\/index.php?rest_route=\/wp\/v2\/users\/1"}],"replies":[{"embeddable":true,"href":"https:\/\/sarahturquety.fr\/index.php?rest_route=%2Fwp%2Fv2%2Fcomments&post=520"}],"version-history":[{"count":11,"href":"https:\/\/sarahturquety.fr\/index.php?rest_route=\/wp\/v2\/pages\/520\/revisions"}],"predecessor-version":[{"id":1028,"href":"https:\/\/sarahturquety.fr\/index.php?rest_route=\/wp\/v2\/pages\/520\/revisions\/1028"}],"wp:attachment":[{"href":"https:\/\/sarahturquety.fr\/index.php?rest_route=%2Fwp%2Fv2%2Fmedia&parent=520"}],"curies":[{"name":"wp","href":"https:\/\/api.w.org\/{rel}","templated":true}]}}